{"id":330,"date":"2022-01-10T17:41:19","date_gmt":"2022-01-10T16:41:19","guid":{"rendered":"https:\/\/www.plataformadepacientes.org\/participaccion\/?page_id=330"},"modified":"2026-04-24T15:19:49","modified_gmt":"2026-04-24T13:19:49","slug":"participaccion","status":"publish","type":"page","link":"https:\/\/www.plataformadepacientes.org\/participaccion\/participaccion\/","title":{"rendered":"ParticipACCI\u00d3N"},"content":{"rendered":"<p>[et_pb_section fb_built=\u00bb1&#8243; _builder_version=\u00bb4.23.1&#8243; _module_preset=\u00bbdefault\u00bb background_image=\u00bbhttps:\/\/www.plataformadepacientes.org\/participaccion\/wp-content\/uploads\/2024\/02\/banner-autoevaluacion.jpg\u00bb locked=\u00bboff\u00bb global_colors_info=\u00bb{}\u00bb][et_pb_row _builder_version=\u00bb4.16&#8243; _module_preset=\u00bbdefault\u00bb global_colors_info=\u00bb{}\u00bb][et_pb_column type=\u00bb4_4&#8243; _builder_version=\u00bb4.16&#8243; _module_preset=\u00bbdefault\u00bb global_colors_info=\u00bb{}\u00bb][et_pb_text _builder_version=\u00bb4.23.1&#8243; _module_preset=\u00bb1f88e059-ffda-41c2-8b49-c9e3834d83d8&#8243; global_colors_info=\u00bb{}\u00bb]<\/p>\n<h1>ParticipACCI\u00d3N<\/h1>\n<p>[\/et_pb_text][\/et_pb_column][\/et_pb_row][\/et_pb_section][et_pb_section fb_built=\u00bb1&#8243; _builder_version=\u00bb4.23.1&#8243; _module_preset=\u00bbdefault\u00bb global_colors_info=\u00bb{%22gcid-63d7d438-689a-4e6f-b549-4228eef778c2%22:%91%22colorStart%22%93,%22gcid-4a68b322-b865-4355-b824-21a3da28f83c%22:%91%22colorEnd%22%93}\u00bb][et_pb_row column_structure=\u00bb1_2,1_2&#8243; _builder_version=\u00bb4.16&#8243; _module_preset=\u00bbdefault\u00bb global_colors_info=\u00bb{}\u00bb][et_pb_column type=\u00bb1_2&#8243; _builder_version=\u00bb4.16&#8243; _module_preset=\u00bbdefault\u00bb global_colors_info=\u00bb{}\u00bb][et_pb_text _builder_version=\u00bb4.23.1&#8243; _module_preset=\u00bbdefault\u00bb global_colors_info=\u00bb{}\u00bb]<\/p>\n<p><strong>Desde la Plataforma de Organizaciones de Pacientes (POP) creemos que la colaboraci\u00f3n entre entidades de pacientes y organizaciones sanitarias es esencial<\/strong> en la planificaci\u00f3n y gesti\u00f3n de salud, con el fin de garantizar la seguridad y protecci\u00f3n de las personas con enfermedades cr\u00f3nicas.<\/p>\n<p>[\/et_pb_text][\/et_pb_column][et_pb_column type=\u00bb1_2&#8243; _builder_version=\u00bb4.16&#8243; _module_preset=\u00bbdefault\u00bb global_colors_info=\u00bb{}\u00bb][et_pb_text _builder_version=\u00bb4.23.1&#8243; _module_preset=\u00bbdefault\u00bb global_colors_info=\u00bb{}\u00bb]<\/p>\n<p>A trav\u00e9s de ParticipACCI\u00d3N buscamos crear una red de fomento de la participaci\u00f3n de los pacientes que favorezca la toma de decisiones sobre su salud. La red est\u00e1 formada por instituciones y organizaciones sanitarias de nuestro pa\u00eds (consejer\u00edas de sanidad, instituciones sanitarias, hospitales, etc.), comprometidas con la escucha activa del paciente para cubrir sus necesidades de salud.<\/p>\n<p>[\/et_pb_text][\/et_pb_column][\/et_pb_row][\/et_pb_section][et_pb_section fb_built=\u00bb1&#8243; _builder_version=\u00bb4.23.1&#8243; _module_preset=\u00bbdefault\u00bb use_background_color_gradient=\u00bbon\u00bb background_color_gradient_direction=\u00bb45deg\u00bb background_color_gradient_stops=\u00bbgcid-63d7d438-689a-4e6f-b549-4228eef778c2 0%|gcid-4a68b322-b865-4355-b824-21a3da28f83c 100%\u00bb background_color_gradient_start=\u00bbgcid-63d7d438-689a-4e6f-b549-4228eef778c2&#8243; background_color_gradient_end=\u00bbgcid-4a68b322-b865-4355-b824-21a3da28f83c\u00bb custom_padding=\u00bb||0px||false|false\u00bb global_colors_info=\u00bb{%22gcid-63d7d438-689a-4e6f-b549-4228eef778c2%22:%91%22colorStart%22%93,%22gcid-4a68b322-b865-4355-b824-21a3da28f83c%22:%91%22colorEnd%22%93}\u00bb][et_pb_row _builder_version=\u00bb4.16&#8243; _module_preset=\u00bbdefault\u00bb global_colors_info=\u00bb{}\u00bb][et_pb_column type=\u00bb4_4&#8243; _builder_version=\u00bb4.16&#8243; _module_preset=\u00bbdefault\u00bb global_colors_info=\u00bb{}\u00bb][et_pb_text _builder_version=\u00bb4.23.1&#8243; _module_preset=\u00bbdefault\u00bb header_2_font_size=\u00bb3em\u00bb text_orientation=\u00bbcenter\u00bb background_layout=\u00bbdark\u00bb global_colors_info=\u00bb{}\u00bb]<\/p>\n<h2>Objetivos<\/h2>\n<p>[\/et_pb_text][\/et_pb_column][\/et_pb_row][et_pb_row column_structure=\u00bb1_4,1_4,1_4,1_4&#8243; use_custom_gutter=\u00bbon\u00bb gutter_width=\u00bb1&#8243; make_equal=\u00bbon\u00bb _builder_version=\u00bb4.23.1&#8243; _module_preset=\u00bbdefault\u00bb background_enable_color=\u00bboff\u00bb background_enable_image=\u00bboff\u00bb width=\u00bb100%\u00bb max_width=\u00bbnone\u00bb module_alignment=\u00bbcenter\u00bb custom_padding=\u00bb||0px||false|false\u00bb global_colors_info=\u00bb{}\u00bb][et_pb_column type=\u00bb1_4&#8243; _builder_version=\u00bb4.23.1&#8243; _module_preset=\u00bbdefault\u00bb background_color=\u00bbRGBA(255,255,255,0)\u00bb background_image=\u00bbhttps:\/\/www.plataformadepacientes.org\/participaccion\/wp-content\/uploads\/2024\/02\/objetivos-1.png\u00bb background_position=\u00bbbottom_center\u00bb background_blend=\u00bbmultiply\u00bb custom_padding=\u00bb30px|30px|30px|30px|true|true\u00bb global_colors_info=\u00bb{}\u00bb][et_pb_text _builder_version=\u00bb4.23.1&#8243; _module_preset=\u00bbdefault\u00bb text_font=\u00bb||||||||\u00bb background_layout=\u00bbdark\u00bb module_alignment=\u00bbcenter\u00bb min_height=\u00bb150px\u00bb custom_css_main_element=\u00bbfont-weight: 500;\u00bb global_colors_info=\u00bb{}\u00bb]Poner a disposici\u00f3n de las instituciones, organizaciones y centros sanitarios un modelo de fomento de la participaci\u00f3n de los pacientes.\u00a0[\/et_pb_text][et_pb_text _builder_version=\u00bb4.16&#8243; _module_preset=\u00bbdefault\u00bb text_font=\u00bb|600|||||||\u00bb text_font_size=\u00bb3em\u00bb text_line_height=\u00bb1em\u00bb text_orientation=\u00bbright\u00bb background_layout=\u00bbdark\u00bb module_alignment=\u00bbright\u00bb custom_padding=\u00bb20px||||false|false\u00bb global_colors_info=\u00bb{}\u00bb]<\/p>\n<p>01<\/p>\n<p>[\/et_pb_text][\/et_pb_column][et_pb_column type=\u00bb1_4&#8243; _builder_version=\u00bb4.23.1&#8243; _module_preset=\u00bbdefault\u00bb background_enable_color=\u00bboff\u00bb background_image=\u00bbhttps:\/\/www.plataformadepacientes.org\/participaccion\/wp-content\/uploads\/2024\/02\/objetivos-2.png\u00bb background_blend=\u00bbmultiply\u00bb custom_padding=\u00bb30px|30px|30px|30px|true|true\u00bb global_colors_info=\u00bb{}\u00bb][et_pb_text _builder_version=\u00bb4.16&#8243; _module_preset=\u00bbdefault\u00bb background_layout=\u00bbdark\u00bb module_alignment=\u00bbcenter\u00bb min_height=\u00bb150px\u00bb custom_css_main_element=\u00bbfont-weight: 500;\u00bb global_colors_info=\u00bb{}\u00bb]<\/p>\n<p>Facilitar una herramienta de autoevaluaci\u00f3n orientada a la mejora continua.<\/p>\n<p>[\/et_pb_text][et_pb_text _builder_version=\u00bb4.16&#8243; _module_preset=\u00bbdefault\u00bb text_font=\u00bb|600|||||||\u00bb text_font_size=\u00bb3em\u00bb text_line_height=\u00bb1em\u00bb text_orientation=\u00bbright\u00bb background_layout=\u00bbdark\u00bb module_alignment=\u00bbright\u00bb custom_padding=\u00bb20px||||false|false\u00bb global_colors_info=\u00bb{}\u00bb]<\/p>\n<p>02<\/p>\n<p>[\/et_pb_text][\/et_pb_column][et_pb_column type=\u00bb1_4&#8243; _builder_version=\u00bb4.23.1&#8243; _module_preset=\u00bbdefault\u00bb background_enable_color=\u00bboff\u00bb background_image=\u00bbhttps:\/\/www.plataformadepacientes.org\/participaccion\/wp-content\/uploads\/2024\/02\/objetivos-3.png\u00bb background_blend=\u00bbmultiply\u00bb custom_padding=\u00bb30px|30px|30px|30px|true|true\u00bb global_colors_info=\u00bb{}\u00bb][et_pb_text _builder_version=\u00bb4.23.1&#8243; _module_preset=\u00bbdefault\u00bb background_layout=\u00bbdark\u00bb module_alignment=\u00bbcenter\u00bb min_height=\u00bb150px\u00bb custom_css_main_element=\u00bbfont-weight: 500;\u00bb global_colors_info=\u00bb{}\u00bb]Identificar buenas pr\u00e1cticas en la involucraci\u00f3n de pacientes en el \u00e1mbito de la planificaci\u00f3n y gesti\u00f3n sanitaria. [\/et_pb_text][et_pb_text _builder_version=\u00bb4.16&#8243; _module_preset=\u00bbdefault\u00bb text_font=\u00bb|600|||||||\u00bb text_font_size=\u00bb3em\u00bb text_line_height=\u00bb1em\u00bb text_orientation=\u00bbright\u00bb background_layout=\u00bbdark\u00bb module_alignment=\u00bbright\u00bb custom_padding=\u00bb20px||||false|false\u00bb global_colors_info=\u00bb{}\u00bb]<\/p>\n<p>03<\/p>\n<p>[\/et_pb_text][\/et_pb_column][et_pb_column type=\u00bb1_4&#8243; _builder_version=\u00bb4.23.1&#8243; _module_preset=\u00bbdefault\u00bb background_enable_color=\u00bboff\u00bb background_image=\u00bbhttps:\/\/www.plataformadepacientes.org\/participaccion\/wp-content\/uploads\/2024\/02\/objetivos-4.png\u00bb background_blend=\u00bbmultiply\u00bb custom_padding=\u00bb30px|30px|30px|30px|true|true\u00bb global_colors_info=\u00bb{}\u00bb][et_pb_text _builder_version=\u00bb4.16&#8243; _module_preset=\u00bbdefault\u00bb background_layout=\u00bbdark\u00bb module_alignment=\u00bbcenter\u00bb min_height=\u00bb150px\u00bb custom_css_main_element=\u00bbfont-weight: 500;\u00bb global_colors_info=\u00bb{}\u00bb]<\/p>\n<p>Generar conocimiento sobre la situaci\u00f3n actual y los retos en el fomento de la participaci\u00f3n de los pacientes.<\/p>\n<p>[\/et_pb_text][et_pb_text _builder_version=\u00bb4.16&#8243; _module_preset=\u00bbdefault\u00bb text_font=\u00bb|600|||||||\u00bb text_font_size=\u00bb3em\u00bb text_line_height=\u00bb1em\u00bb text_orientation=\u00bbright\u00bb background_layout=\u00bbdark\u00bb module_alignment=\u00bbright\u00bb custom_padding=\u00bb20px||||false|false\u00bb global_colors_info=\u00bb{}\u00bb]<\/p>\n<p>04<\/p>\n<p>[\/et_pb_text][\/et_pb_column][\/et_pb_row][\/et_pb_section][et_pb_section fb_built=\u00bb1&#8243; _builder_version=\u00bb4.24.0&#8243; _module_preset=\u00bbdefault\u00bb background_color=\u00bbgcid-a7c6ce9b-5006-410f-abb5-fd08e0d7eaf0&#8243; custom_padding=\u00bb||0px||false|false\u00bb global_colors_info=\u00bb{%22gcid-a7c6ce9b-5006-410f-abb5-fd08e0d7eaf0%22:%91%22background_color%22%93}\u00bb][et_pb_row _builder_version=\u00bb4.16&#8243; _module_preset=\u00bbdefault\u00bb global_colors_info=\u00bb{}\u00bb][et_pb_column type=\u00bb4_4&#8243; _builder_version=\u00bb4.16&#8243; _module_preset=\u00bbdefault\u00bb global_colors_info=\u00bb{}\u00bb][et_pb_text _builder_version=\u00bb4.24.0&#8243; _module_preset=\u00bbdefault\u00bb text_orientation=\u00bbcenter\u00bb max_width=\u00bb850px\u00bb module_alignment=\u00bbcenter\u00bb hover_enabled=\u00bb0&#8243; global_colors_info=\u00bb{}\u00bb sticky_enabled=\u00bb0&#8243;]<strong>Puede conocer toda la\u00a0informaci\u00f3n sobre el modelo de excelencia y su aplicaci\u00f3n al \u00e1mbito de planificaci\u00f3n (Macro) y gesti\u00f3n sanitaria (Meso) tanto a nivel hospitalario como en el \u00e1mbito de atenci\u00f3n primaria y comunitaria<\/strong> accediendo al informe completo que incluye una gu\u00eda de autoevaluaci\u00f3n en el \u00e1mbito Macro y las dos gu\u00edas de autoevaluaci\u00f3n en el \u00e1mbito Meso:[\/et_pb_text][\/et_pb_column][\/et_pb_row][\/et_pb_section][et_pb_section fb_built=\u00bb1&#8243; _builder_version=\u00bb4.24.0&#8243; _module_preset=\u00bbdefault\u00bb background_color=\u00bbgcid-a7c6ce9b-5006-410f-abb5-fd08e0d7eaf0&#8243; custom_margin=\u00bb||||false|false\u00bb custom_padding=\u00bb0px||||false|false\u00bb global_colors_info=\u00bb{%22gcid-a7c6ce9b-5006-410f-abb5-fd08e0d7eaf0%22:%91%22background_color%22%93}\u00bb][et_pb_row column_structure=\u00bb1_3,1_3,1_3&#8243; use_custom_gutter=\u00bbon\u00bb gutter_width=\u00bb2&#8243; _builder_version=\u00bb4.24.0&#8243; _module_preset=\u00bbdefault\u00bb max_width=\u00bbnone\u00bb global_colors_info=\u00bb{}\u00bb][et_pb_column type=\u00bb1_3&#8243; _builder_version=\u00bb4.23.1&#8243; _module_preset=\u00bbdefault\u00bb global_colors_info=\u00bb{}\u00bb][et_pb_button button_url=\u00bbhttps:\/\/www.plataformadepacientes.org\/participaccion\/wp-content\/uploads\/2022\/03\/ParticipACCION_Informe.pdf\u00bb url_new_window=\u00bbon\u00bb button_text=\u00bbDescargar informe &#038; Gu\u00eda macro\u00bb button_alignment=\u00bbcenter\u00bb button_alignment_tablet=\u00bbcenter\u00bb button_alignment_phone=\u00bbcenter\u00bb button_alignment_last_edited=\u00bboff|desktop\u00bb module_class=\u00bbbutton-ga action-DESCARGA category-PDF-INFORME label-INFORME-MODELO\u00bb _builder_version=\u00bb4.24.0&#8243; _module_preset=\u00bb800ded75-94c0-4cf9-9a74-c3af258992df\u00bb global_colors_info=\u00bb{}\u00bb][\/et_pb_button][\/et_pb_column][et_pb_column type=\u00bb1_3&#8243; _builder_version=\u00bb4.23.1&#8243; _module_preset=\u00bbdefault\u00bb global_colors_info=\u00bb{}\u00bb][et_pb_button button_url=\u00bbhttps:\/\/www.plataformadepacientes.org\/participaccion\/wp-content\/uploads\/2024\/02\/ParticipACCION-Informe-Meso.pdf\u00bb url_new_window=\u00bbon\u00bb button_text=\u00bbDescargar gu\u00eda hospitales \u00bb button_alignment=\u00bbcenter\u00bb button_alignment_tablet=\u00bbcenter\u00bb button_alignment_phone=\u00bbcenter\u00bb button_alignment_last_edited=\u00bboff|desktop\u00bb module_class=\u00bbbutton-ga action-DESCARGA category-PDF-INFORME label-INFORME-MODELO\u00bb _builder_version=\u00bb4.24.0&#8243; _module_preset=\u00bb800ded75-94c0-4cf9-9a74-c3af258992df\u00bb hover_enabled=\u00bb0&#8243; global_colors_info=\u00bb{}\u00bb sticky_enabled=\u00bb0&#8243;][\/et_pb_button][\/et_pb_column][et_pb_column type=\u00bb1_3&#8243; _builder_version=\u00bb4.23.1&#8243; _module_preset=\u00bbdefault\u00bb global_colors_info=\u00bb{}\u00bb][et_pb_button button_url=\u00bbhttps:\/\/www.plataformadepacientes.org\/participaccion\/wp-content\/uploads\/2026\/04\/Guia-ParticipACCION_Atencion-primaria-y-comunitaria_vf.pdf\u00bb url_new_window=\u00bbon\u00bb button_text=\u00bbDescargar gu\u00eda atenci\u00f3n primaria y comunitaria\u00bb button_alignment=\u00bbcenter\u00bb button_alignment_tablet=\u00bbcenter\u00bb button_alignment_phone=\u00bbcenter\u00bb button_alignment_last_edited=\u00bboff|desktop\u00bb module_class=\u00bbbutton-ga action-DESCARGA category-PDF-INFORME label-INFORME-MODELO\u00bb _builder_version=\u00bb4.24.0&#8243; _module_preset=\u00bb800ded75-94c0-4cf9-9a74-c3af258992df\u00bb global_colors_info=\u00bb{}\u00bb][\/et_pb_button][\/et_pb_column][\/et_pb_row][\/et_pb_section][et_pb_section fb_built=\u00bb1&#8243; module_id=\u00bbbutton-comite-asesor-macro\u00bb module_class=\u00bbbutton-switch-section button-comite-asesor\u00bb _builder_version=\u00bb4.23.1&#8243; _module_preset=\u00bbdefault\u00bb use_background_color_gradient=\u00bbon\u00bb background_color_gradient_direction=\u00bb45deg\u00bb background_color_gradient_stops=\u00bbgcid-63d7d438-689a-4e6f-b549-4228eef778c2 0%|gcid-4a68b322-b865-4355-b824-21a3da28f83c 100%\u00bb background_color_gradient_start=\u00bbgcid-63d7d438-689a-4e6f-b549-4228eef778c2&#8243; background_color_gradient_end=\u00bbgcid-4a68b322-b865-4355-b824-21a3da28f83c\u00bb global_colors_info=\u00bb{%22gcid-63d7d438-689a-4e6f-b549-4228eef778c2%22:%91%22colorStart%22%93,%22gcid-4a68b322-b865-4355-b824-21a3da28f83c%22:%91%22colorEnd%22%93}\u00bb][et_pb_row _builder_version=\u00bb4.23.1&#8243; _module_preset=\u00bbdefault\u00bb global_colors_info=\u00bb{}\u00bb][et_pb_column type=\u00bb4_4&#8243; _builder_version=\u00bb4.23.1&#8243; _module_preset=\u00bbdefault\u00bb global_colors_info=\u00bb{}\u00bb][et_pb_icon font_icon=\u00bb&#x33;||divi||400&#8243; icon_color=\u00bb#FFFFFF\u00bb module_class=\u00bbshow-arrow\u00bb _builder_version=\u00bb4.23.1&#8243; _module_preset=\u00bbdefault\u00bb positioning=\u00bbabsolute\u00bb position_origin_a=\u00bbcenter_right\u00bb global_colors_info=\u00bb{}\u00bb][\/et_pb_icon][et_pb_icon font_icon=\u00bb&#x32;||divi||400&#8243; icon_color=\u00bb#FFFFFF\u00bb module_class=\u00bbhide-arrow\u00bb _builder_version=\u00bb4.23.1&#8243; _module_preset=\u00bbdefault\u00bb positioning=\u00bbabsolute\u00bb position_origin_a=\u00bbcenter_right\u00bb global_colors_info=\u00bb{}\u00bb][\/et_pb_icon][et_pb_text _builder_version=\u00bb4.23.1&#8243; _module_preset=\u00bbdefault\u00bb text_font=\u00bb|||on|||||\u00bb header_2_font_size=\u00bb3em\u00bb text_orientation=\u00bbcenter\u00bb background_layout=\u00bbdark\u00bb locked=\u00bboff\u00bb global_colors_info=\u00bb{}\u00bb]<\/p>\n<h3>Comit\u00e9 asesor macro<\/h3>\n<p>[\/et_pb_text][\/et_pb_column][\/et_pb_row][\/et_pb_section][et_pb_section fb_built=\u00bb1&#8243; module_class=\u00bbselection-section selection-comite-asesor-macro start-hidden\u00bb _builder_version=\u00bb4.23.1&#8243; _module_preset=\u00bbdefault\u00bb global_colors_info=\u00bb{}\u00bb][et_pb_row column_structure=\u00bb1_3,1_3,1_3&#8243; _builder_version=\u00bb4.16&#8243; _module_preset=\u00bbdefault\u00bb global_colors_info=\u00bb{}\u00bb][et_pb_column type=\u00bb1_3&#8243; _builder_version=\u00bb4.16&#8243; _module_preset=\u00bbdefault\u00bb global_colors_info=\u00bb{}\u00bb][et_pb_team_member name=\u00bbMar\u00eda Llanos Cuenca\u00bb position=\u00bbComunidad Valenciana\u00bb image_url=\u00bbhttps:\/\/www.plataformadepacientes.org\/participaccion\/wp-content\/uploads\/2022\/01\/Maria-Llanos-Cuenca.jpg\u00bb _builder_version=\u00bb4.23.1&#8243; _module_preset=\u00bb5ad149f4-a75f-47d2-b72d-f581f85fa075&#8243; global_colors_info=\u00bb{%22gcid-63d7d438-689a-4e6f-b549-4228eef778c2%22:%91%22border_color_all_image%22%93}\u00bb]<\/p>\n<p>Directora General de Planificaci\u00f3n, Eficiencia Tecnol\u00f3gica y Atenci\u00f3n al Paciente en la Consejer\u00eda de Sanidad Universal y Salud P\u00fablica de la Comunidad Valenciana.<\/p>\n<p>[\/et_pb_team_member][\/et_pb_column][et_pb_column type=\u00bb1_3&#8243; _builder_version=\u00bb4.16&#8243; _module_preset=\u00bbdefault\u00bb global_colors_info=\u00bb{}\u00bb][et_pb_team_member name=\u00bbGuadalupe de Llanos\u00bb position=\u00bbComunidad Valenciana\u00bb image_url=\u00bbhttps:\/\/www.plataformadepacientes.org\/participaccion\/wp-content\/uploads\/2022\/01\/Guadalupe.jpg\u00bb _builder_version=\u00bb4.23.1&#8243; _module_preset=\u00bb5ad149f4-a75f-47d2-b72d-f581f85fa075&#8243; global_colors_info=\u00bb{%22gcid-63d7d438-689a-4e6f-b549-4228eef778c2%22:%91%22border_color_all_image%22%93}\u00bb]<\/p>\n<p>Subdirectora General de Investigaci\u00f3n, Innovaci\u00f3n, Tecnolog\u00eda y Calidad en la Consejer\u00eda de Sanidad Universal y Salud P\u00fablica de la Comunidad Valenciana.<\/p>\n<p>[\/et_pb_team_member][\/et_pb_column][et_pb_column type=\u00bb1_3&#8243; _builder_version=\u00bb4.16&#8243; _module_preset=\u00bbdefault\u00bb global_colors_info=\u00bb{}\u00bb][et_pb_team_member name=\u00bb\u00c1ngel L. Garc\u00eda\u00bb position=\u00bbComunidad de Madrid\u00bb image_url=\u00bbhttps:\/\/www.plataformadepacientes.org\/participaccion\/wp-content\/uploads\/2022\/01\/Angel-L.-Garcia-Lacuesta.jpg\u00bb _builder_version=\u00bb4.23.1&#8243; _module_preset=\u00bb5ad149f4-a75f-47d2-b72d-f581f85fa075&#8243; global_colors_info=\u00bb{%22gcid-63d7d438-689a-4e6f-b549-4228eef778c2%22:%91%22border_color_all_image%22%93}\u00bb]<\/p>\n<p>Jefe de \u00c1rea de Reclamaciones de la Subdirecci\u00f3n General de Humanizaci\u00f3n de la Asistencia, Bio\u00e9tica e Informaci\u00f3n y Atenci\u00f3n al Paciente en la Consejer\u00eda de Sanidad de la Comunidad de Madrid<\/p>\n<p>[\/et_pb_team_member][\/et_pb_column][\/et_pb_row][et_pb_row column_structure=\u00bb1_3,1_3,1_3&#8243; _builder_version=\u00bb4.16&#8243; _module_preset=\u00bbdefault\u00bb global_colors_info=\u00bb{}\u00bb][et_pb_column type=\u00bb1_3&#8243; _builder_version=\u00bb4.16&#8243; _module_preset=\u00bbdefault\u00bb global_colors_info=\u00bb{}\u00bb][et_pb_team_member name=\u00bbRodrigo Guti\u00e9rrez\u00bb position=\u00bbCastilla \u2013 La Mancha\u00bb image_url=\u00bbhttps:\/\/www.plataformadepacientes.org\/participaccion\/wp-content\/uploads\/2022\/01\/Rodrigo-Gutierrez.jpg\u00bb _builder_version=\u00bb4.23.1&#8243; _module_preset=\u00bb5ad149f4-a75f-47d2-b72d-f581f85fa075&#8243; global_colors_info=\u00bb{%22gcid-63d7d438-689a-4e6f-b549-4228eef778c2%22:%91%22border_color_all_image%22%93}\u00bb]<\/p>\n<p>Jefe de Servicio de Programas de Humanizaci\u00f3n en la Direcci\u00f3n General de Humanizaci\u00f3n y Atenci\u00f3n Sociosanitaria de la Consejer\u00eda de Sanidad de Castilla \u2013 La Mancha<\/p>\n<p>[\/et_pb_team_member][\/et_pb_column][et_pb_column type=\u00bb1_3&#8243; _builder_version=\u00bb4.16&#8243; _module_preset=\u00bbdefault\u00bb global_colors_info=\u00bb{}\u00bb][et_pb_team_member name=\u00bbC\u00e9sar Hern\u00e1ndez\u00bb position=\u00bbAEMPS\u00bb image_url=\u00bbhttps:\/\/www.plataformadepacientes.org\/participaccion\/wp-content\/uploads\/2022\/01\/Cesar-Hernandez.jpg\u00bb _builder_version=\u00bb4.23.1&#8243; _module_preset=\u00bb5ad149f4-a75f-47d2-b72d-f581f85fa075&#8243; global_colors_info=\u00bb{%22gcid-63d7d438-689a-4e6f-b549-4228eef778c2%22:%91%22border_color_all_image%22%93}\u00bb]<\/p>\n<p>Jefe del Departamento de Medicamentos de Uso Humano de la Agencia Espa\u00f1ola de Medicamentos y Productos Sanitarios (AEMPS).<\/p>\n<p>[\/et_pb_team_member][\/et_pb_column][et_pb_column type=\u00bb1_3&#8243; _builder_version=\u00bb4.16&#8243; _module_preset=\u00bbdefault\u00bb global_colors_info=\u00bb{}\u00bb][et_pb_team_member name=\u00bbAlmudena Jerez\u00bb position=\u00bbCastilla \u2013 La Mancha\u00bb image_url=\u00bbhttps:\/\/www.plataformadepacientes.org\/participaccion\/wp-content\/uploads\/2022\/01\/Almudena.jpg\u00bb _builder_version=\u00bb4.23.1&#8243; _module_preset=\u00bb5ad149f4-a75f-47d2-b72d-f581f85fa075&#8243; global_colors_info=\u00bb{%22gcid-63d7d438-689a-4e6f-b549-4228eef778c2%22:%91%22border_color_all_image%22%93}\u00bb]<\/p>\n<p><span>Coordinadora de Programas de Humanizaci\u00f3n.\u00a0<\/span><span lang=\"ES-TRAD\">Servicio de Programas de Humanizaci\u00f3n en la Direcci\u00f3n General de Humanizaci\u00f3n y Atenci\u00f3n Sociosanitaria de la Consejer\u00eda de Sanidad de Castilla \u2013 La Mancha.<\/span><\/p>\n<p>[\/et_pb_team_member][\/et_pb_column][\/et_pb_row][et_pb_row column_structure=\u00bb1_3,1_3,1_3&#8243; _builder_version=\u00bb4.16&#8243; _module_preset=\u00bbdefault\u00bb global_colors_info=\u00bb{}\u00bb][et_pb_column type=\u00bb1_3&#8243; _builder_version=\u00bb4.16&#8243; _module_preset=\u00bbdefault\u00bb global_colors_info=\u00bb{}\u00bb][et_pb_team_member name=\u00bbJosefina Monteagudo\u00bb position=\u00bbGalicia\u00bb image_url=\u00bbhttps:\/\/www.plataformadepacientes.org\/participaccion\/wp-content\/uploads\/2022\/01\/Josefina-Monteagudo.jpg\u00bb _builder_version=\u00bb4.23.1&#8243; _module_preset=\u00bb5ad149f4-a75f-47d2-b72d-f581f85fa075&#8243; global_colors_info=\u00bb{%22gcid-63d7d438-689a-4e6f-b549-4228eef778c2%22:%91%22border_color_all_image%22%93}\u00bb]<\/p>\n<p>Subdirectora General de Humanizaci\u00f3n y Atenci\u00f3n a la Ciudadan\u00eda en el Servicio Gallego de Salud.<\/p>\n<p>[\/et_pb_team_member][\/et_pb_column][et_pb_column type=\u00bb1_3&#8243; _builder_version=\u00bb4.16&#8243; _module_preset=\u00bbdefault\u00bb global_colors_info=\u00bb{}\u00bb][et_pb_team_member name=\u00bbJos\u00e9 Ram\u00f3n Mora\u00bb position=\u00bbISCIII\u00bb image_url=\u00bbhttps:\/\/www.plataformadepacientes.org\/participaccion\/wp-content\/uploads\/2022\/01\/Jose-Ramon-Mora.jpg\u00bb _builder_version=\u00bb4.23.1&#8243; _module_preset=\u00bb5ad149f4-a75f-47d2-b72d-f581f85fa075&#8243; global_colors_info=\u00bb{%22gcid-63d7d438-689a-4e6f-b549-4228eef778c2%22:%91%22border_color_all_image%22%93}\u00bb]<\/p>\n<p>Asesor T\u00e9cnico. Jefe de Servicio. Unidad de Apoyo a la Direcci\u00f3n General del Instituto de Salud Carlos III (ISCIII).<\/p>\n<p>[\/et_pb_team_member][\/et_pb_column][et_pb_column type=\u00bb1_3&#8243; _builder_version=\u00bb4.16&#8243; _module_preset=\u00bbdefault\u00bb global_colors_info=\u00bb{}\u00bb][et_pb_team_member name=\u00bbGloria S\u00e1nchez\u00bb position=\u00bbCastilla y Le\u00f3n\u00bb image_url=\u00bbhttps:\/\/www.plataformadepacientes.org\/participaccion\/wp-content\/uploads\/2022\/02\/Gloria-S.jpg\u00bb _builder_version=\u00bb4.23.1&#8243; _module_preset=\u00bb5ad149f4-a75f-47d2-b72d-f581f85fa075&#8243; global_colors_info=\u00bb{%22gcid-63d7d438-689a-4e6f-b549-4228eef778c2%22:%91%22border_color_all_image%22%93}\u00bb]<\/p>\n<p>Directora General de Planificaci\u00f3n y Asistencia Sanitaria en la Gerencia Regional de Salud de la Consejer\u00eda de Sanidad de Castilla y Le\u00f3n.<\/p>\n<p>[\/et_pb_team_member][\/et_pb_column][\/et_pb_row][\/et_pb_section][et_pb_section fb_built=\u00bb1&#8243; module_id=\u00bbbutton-comite-asesor-meso\u00bb module_class=\u00bbbutton-switch-section button-comite-asesor\u00bb _builder_version=\u00bb4.23.1&#8243; _module_preset=\u00bbdefault\u00bb use_background_color_gradient=\u00bbon\u00bb background_color_gradient_direction=\u00bb45deg\u00bb background_color_gradient_stops=\u00bbgcid-63d7d438-689a-4e6f-b549-4228eef778c2 0%|gcid-4a68b322-b865-4355-b824-21a3da28f83c 100%\u00bb background_color_gradient_start=\u00bbgcid-63d7d438-689a-4e6f-b549-4228eef778c2&#8243; background_color_gradient_end=\u00bbgcid-4a68b322-b865-4355-b824-21a3da28f83c\u00bb locked=\u00bboff\u00bb global_colors_info=\u00bb{%22gcid-63d7d438-689a-4e6f-b549-4228eef778c2%22:%91%22colorStart%22%93,%22gcid-4a68b322-b865-4355-b824-21a3da28f83c%22:%91%22colorEnd%22%93}\u00bb][et_pb_row _builder_version=\u00bb4.23.1&#8243; _module_preset=\u00bbdefault\u00bb global_colors_info=\u00bb{}\u00bb][et_pb_column type=\u00bb4_4&#8243; _builder_version=\u00bb4.23.1&#8243; _module_preset=\u00bbdefault\u00bb global_colors_info=\u00bb{}\u00bb][et_pb_icon font_icon=\u00bb&#x33;||divi||400&#8243; icon_color=\u00bb#FFFFFF\u00bb module_class=\u00bbshow-arrow\u00bb _builder_version=\u00bb4.23.1&#8243; _module_preset=\u00bbdefault\u00bb positioning=\u00bbabsolute\u00bb position_origin_a=\u00bbcenter_right\u00bb global_colors_info=\u00bb{}\u00bb][\/et_pb_icon][et_pb_icon font_icon=\u00bb&#x32;||divi||400&#8243; icon_color=\u00bb#FFFFFF\u00bb module_class=\u00bbhide-arrow\u00bb _builder_version=\u00bb4.23.1&#8243; _module_preset=\u00bbdefault\u00bb positioning=\u00bbabsolute\u00bb position_origin_a=\u00bbcenter_right\u00bb global_colors_info=\u00bb{}\u00bb][\/et_pb_icon][et_pb_text _builder_version=\u00bb4.23.1&#8243; _module_preset=\u00bbdefault\u00bb text_font=\u00bb|||on|||||\u00bb header_2_font_size=\u00bb3em\u00bb text_orientation=\u00bbcenter\u00bb background_layout=\u00bbdark\u00bb locked=\u00bboff\u00bb global_colors_info=\u00bb{}\u00bb]<\/p>\n<h3>Comit\u00e9 asesor meso<\/h3>\n<p>[\/et_pb_text][\/et_pb_column][\/et_pb_row][\/et_pb_section][et_pb_section fb_built=\u00bb1&#8243; module_class=\u00bbselection-section selection-comite-asesor-meso\u00bb _builder_version=\u00bb4.23.1&#8243; _module_preset=\u00bbdefault\u00bb global_colors_info=\u00bb{}\u00bb][et_pb_row column_structure=\u00bb1_3,1_3,1_3&#8243; _builder_version=\u00bb4.23.1&#8243; _module_preset=\u00bbdefault\u00bb global_colors_info=\u00bb{}\u00bb][et_pb_column type=\u00bb1_3&#8243; _builder_version=\u00bb4.16&#8243; _module_preset=\u00bbdefault\u00bb global_colors_info=\u00bb{}\u00bb][et_pb_team_member name=\u00bbJavier Narbona Rodr\u00edguez\u00bb position=\u00bbAndaluc\u00eda\u00bb image_url=\u00bbhttps:\/\/www.plataformadepacientes.org\/participaccion\/wp-content\/uploads\/2024\/02\/Javier-Narbona-Rodriguez.jpg\u00bb _builder_version=\u00bb4.23.1&#8243; _module_preset=\u00bb5ad149f4-a75f-47d2-b72d-f581f85fa075&#8243; global_colors_info=\u00bb{%22gcid-ce4b7df2-a45f-4db5-b0cd-6df879047f3c%22:%91%22border_color_all_image%22,%22position_text_color%22%93,%22gcid-63d7d438-689a-4e6f-b549-4228eef778c2%22:%91%22border_color_all_image%22%93}\u00bb]<\/p>\n<p>Consultor adjunto a la Direcci\u00f3n General de Humanizaci\u00f3n, Planificaci\u00f3n, Coordinaci\u00f3n y Cuidados del Sistema Andaluz de Salud (SAS).<\/p>\n<p>[\/et_pb_team_member][\/et_pb_column][et_pb_column type=\u00bb1_3&#8243; _builder_version=\u00bb4.16&#8243; _module_preset=\u00bbdefault\u00bb global_colors_info=\u00bb{}\u00bb][et_pb_team_member name=\u00bbVer\u00f3nica Garc\u00eda Cernuda\u00bb position=\u00bbCantabria\u00bb image_url=\u00bbhttps:\/\/www.plataformadepacientes.org\/participaccion\/wp-content\/uploads\/2024\/02\/Veronica-Garcia-Cernuda.jpg\u00bb _builder_version=\u00bb4.23.1&#8243; _module_preset=\u00bb5ad149f4-a75f-47d2-b72d-f581f85fa075&#8243; global_colors_info=\u00bb{%22gcid-75b8579c-83f6-4528-9f1c-a5c1dd4bfbda%22:%91%22header_text_color%22,%22header_text_color%22%93,%22gcid-ce4b7df2-a45f-4db5-b0cd-6df879047f3c%22:%91%22border_color_all_image%22,%22position_text_color%22%93,%22gcid-63d7d438-689a-4e6f-b549-4228eef778c2%22:%91%22border_color_all_image%22%93}\u00bb]<\/p>\n<p>Responsable de la Escuela C\u00e1ntabra de Salud.<\/p>\n<p>[\/et_pb_team_member][\/et_pb_column][et_pb_column type=\u00bb1_3&#8243; _builder_version=\u00bb4.16&#8243; _module_preset=\u00bbdefault\u00bb global_colors_info=\u00bb{}\u00bb][et_pb_team_member name=\u00bbRa\u00fcl Serra Fabreg\u00e0\u00bb position=\u00bbCatalu\u00f1a\u00bb image_url=\u00bbhttps:\/\/www.plataformadepacientes.org\/participaccion\/wp-content\/uploads\/2024\/02\/Raul-Serra-Fabrega.jpg\u00bb _builder_version=\u00bb4.23.1&#8243; _module_preset=\u00bb5ad149f4-a75f-47d2-b72d-f581f85fa075&#8243; global_colors_info=\u00bb{%22gcid-75b8579c-83f6-4528-9f1c-a5c1dd4bfbda%22:%91%22header_text_color%22,%22header_text_color%22%93,%22gcid-ce4b7df2-a45f-4db5-b0cd-6df879047f3c%22:%91%22border_color_all_image%22,%22position_text_color%22%93,%22gcid-63d7d438-689a-4e6f-b549-4228eef778c2%22:%91%22border_color_all_image%22%93}\u00bb]<\/p>\n<p>Coordinador de la Secretaria d&#8217;Atenci\u00f3 Sanit\u00e0ria i Participaci\u00f3 del Departament de Salut de la Generalitat de Catalunya.<\/p>\n<p>[\/et_pb_team_member][\/et_pb_column][\/et_pb_row][et_pb_row column_structure=\u00bb1_3,1_3,1_3&#8243; _builder_version=\u00bb4.23.1&#8243; _module_preset=\u00bbdefault\u00bb global_colors_info=\u00bb{}\u00bb][et_pb_column type=\u00bb1_3&#8243; _builder_version=\u00bb4.16&#8243; _module_preset=\u00bbdefault\u00bb global_colors_info=\u00bb{}\u00bb][et_pb_team_member name=\u00bbM\u00aa Jos\u00e9 Avil\u00e9s Mart\u00ednez\u00bb position=\u00bbComunidad Valenciana\u00bb image_url=\u00bbhttps:\/\/www.plataformadepacientes.org\/participaccion\/wp-content\/uploads\/2024\/02\/Ma-Jose-Aviles-Martinez.jpg\u00bb _builder_version=\u00bb4.23.1&#8243; _module_preset=\u00bb5ad149f4-a75f-47d2-b72d-f581f85fa075&#8243; global_colors_info=\u00bb{%22gcid-75b8579c-83f6-4528-9f1c-a5c1dd4bfbda%22:%91%22header_text_color%22,%22header_text_color%22%93,%22gcid-ce4b7df2-a45f-4db5-b0cd-6df879047f3c%22:%91%22border_color_all_image%22,%22position_text_color%22%93,%22gcid-63d7d438-689a-4e6f-b549-4228eef778c2%22:%91%22border_color_all_image%22%93}\u00bb]<\/p>\n<p>Subdirectora General de Atenci\u00f3n al Paciente y Calidad Asistencial de la Conselleria de Sanidad de la Generalitat Valenciana.<\/p>\n<p>[\/et_pb_team_member][\/et_pb_column][et_pb_column type=\u00bb1_3&#8243; _builder_version=\u00bb4.16&#8243; _module_preset=\u00bbdefault\u00bb global_colors_info=\u00bb{}\u00bb][et_pb_team_member name=\u00bbJuan Manuel Beltr\u00e1n Garrido\u00bb position=\u00bbComunidad Valenciana\u00bb image_url=\u00bbhttps:\/\/www.plataformadepacientes.org\/participaccion\/wp-content\/uploads\/2024\/02\/Juan-Manuel-Beltran-Garrido.jpg\u00bb _builder_version=\u00bb4.23.1&#8243; _module_preset=\u00bb5ad149f4-a75f-47d2-b72d-f581f85fa075&#8243; global_colors_info=\u00bb{%22gcid-75b8579c-83f6-4528-9f1c-a5c1dd4bfbda%22:%91%22header_text_color%22,%22header_text_color%22%93,%22gcid-ce4b7df2-a45f-4db5-b0cd-6df879047f3c%22:%91%22border_color_all_image%22,%22position_text_color%22%93,%22gcid-63d7d438-689a-4e6f-b549-4228eef778c2%22:%91%22border_color_all_image%22%93}\u00bb]<\/p>\n<p>Director general de Informaci\u00f3n Sanitaria, Calidad y Evaluaci\u00f3n Conselleria de Sanidad de la Generalitat Valenciana.<\/p>\n<p>[\/et_pb_team_member][\/et_pb_column][et_pb_column type=\u00bb1_3&#8243; _builder_version=\u00bb4.16&#8243; _module_preset=\u00bbdefault\u00bb global_colors_info=\u00bb{}\u00bb][et_pb_team_member name=\u00bbJosefina Monteagudo Romero\u00bb position=\u00bbGalicia\u00bb image_url=\u00bbhttps:\/\/www.plataformadepacientes.org\/participaccion\/wp-content\/uploads\/2024\/02\/Josefina-Monteagudo-Romero.jpg\u00bb _builder_version=\u00bb4.23.1&#8243; _module_preset=\u00bb5ad149f4-a75f-47d2-b72d-f581f85fa075&#8243; global_colors_info=\u00bb{%22gcid-75b8579c-83f6-4528-9f1c-a5c1dd4bfbda%22:%91%22header_text_color%22,%22header_text_color%22%93,%22gcid-ce4b7df2-a45f-4db5-b0cd-6df879047f3c%22:%91%22border_color_all_image%22,%22position_text_color%22%93,%22gcid-63d7d438-689a-4e6f-b549-4228eef778c2%22:%91%22border_color_all_image%22%93}\u00bb]<\/p>\n<p>Subdirectora General de Humanizaci\u00f3n e Atenci\u00f3n \u00e1 Cidadan\u00eda de la Conseller\u00eda de Sanidade de la Xunta de Galicia.<\/p>\n<p>[\/et_pb_team_member][\/et_pb_column][\/et_pb_row][et_pb_row column_structure=\u00bb1_3,1_3,1_3&#8243; _builder_version=\u00bb4.23.1&#8243; _module_preset=\u00bbdefault\u00bb global_colors_info=\u00bb{}\u00bb][et_pb_column type=\u00bb1_3&#8243; _builder_version=\u00bb4.16&#8243; _module_preset=\u00bbdefault\u00bb global_colors_info=\u00bb{}\u00bb][et_pb_team_member name=\u00bbCarolina Rodr\u00edguez Gay\u00bb position=\u00bbMadrid\u00bb image_url=\u00bbhttps:\/\/www.plataformadepacientes.org\/participaccion\/wp-content\/uploads\/2024\/02\/Carolina-Rodriguez-Gay.jpg\u00bb _builder_version=\u00bb4.23.1&#8243; _module_preset=\u00bb5ad149f4-a75f-47d2-b72d-f581f85fa075&#8243; global_colors_info=\u00bb{%22gcid-75b8579c-83f6-4528-9f1c-a5c1dd4bfbda%22:%91%22header_text_color%22,%22header_text_color%22%93,%22gcid-ce4b7df2-a45f-4db5-b0cd-6df879047f3c%22:%91%22border_color_all_image%22,%22position_text_color%22%93,%22gcid-63d7d438-689a-4e6f-b549-4228eef778c2%22:%91%22border_color_all_image%22%93}\u00bb]<\/p>\n<p>Jefa del \u00c1rea de Informaci\u00f3n y Atenci\u00f3n al Paciente de la Subdirecci\u00f3n General de Humanizaci\u00f3n de la Asistencia, Bio\u00e9tica e Informaci\u00f3n y Atenci\u00f3n al Paciente Consejer\u00eda de Sanidad de la Comunidad de Madrid.<\/p>\n<p>[\/et_pb_team_member][\/et_pb_column][et_pb_column type=\u00bb1_3&#8243; _builder_version=\u00bb4.16&#8243; _module_preset=\u00bbdefault\u00bb global_colors_info=\u00bb{}\u00bb][et_pb_team_member name=\u00bbMar\u00eda Asunci\u00f3n Rey Escalera\u00bb position=\u00bbNavarra\u00bb image_url=\u00bbhttps:\/\/www.plataformadepacientes.org\/participaccion\/wp-content\/uploads\/2024\/02\/Maria-Asuncion-Rey-Escalera.jpg\u00bb _builder_version=\u00bb4.23.1&#8243; _module_preset=\u00bb5ad149f4-a75f-47d2-b72d-f581f85fa075&#8243; global_colors_info=\u00bb{%22gcid-75b8579c-83f6-4528-9f1c-a5c1dd4bfbda%22:%91%22header_text_color%22,%22header_text_color%22%93,%22gcid-ce4b7df2-a45f-4db5-b0cd-6df879047f3c%22:%91%22border_color_all_image%22,%22position_text_color%22%93,%22gcid-63d7d438-689a-4e6f-b549-4228eef778c2%22:%91%22border_color_all_image%22%93}\u00bb]<\/p>\n<p>Jefa del Servicio de Atenci\u00f3n a Ciudadanos y Pacientes del Departamento de Salud del Gobierno de Navarra.<\/p>\n<p>[\/et_pb_team_member][\/et_pb_column][et_pb_column type=\u00bb1_3&#8243; _builder_version=\u00bb4.16&#8243; _module_preset=\u00bbdefault\u00bb global_colors_info=\u00bb{}\u00bb][et_pb_team_member name=\u00bbDulce Ram\u00edrez Puerta\u00bb position=\u00bbSEDISA\u00bb image_url=\u00bbhttps:\/\/www.plataformadepacientes.org\/participaccion\/wp-content\/uploads\/2024\/02\/Dulce-Ramiiez-Puerta.jpg\u00bb _builder_version=\u00bb4.23.1&#8243; _module_preset=\u00bb5ad149f4-a75f-47d2-b72d-f581f85fa075&#8243; global_colors_info=\u00bb{%22gcid-75b8579c-83f6-4528-9f1c-a5c1dd4bfbda%22:%91%22header_text_color%22,%22header_text_color%22%93,%22gcid-ce4b7df2-a45f-4db5-b0cd-6df879047f3c%22:%91%22border_color_all_image%22,%22position_text_color%22%93,%22gcid-63d7d438-689a-4e6f-b549-4228eef778c2%22:%91%22border_color_all_image%22%93}\u00bb]Vicepresidenta primera de la Sociedad Espa\u00f1ola de Directivos de la Salud. (SEDISA)[\/et_pb_team_member][\/et_pb_column][\/et_pb_row][\/et_pb_section][et_pb_section fb_built=\u00bb1&#8243; _builder_version=\u00bb4.23.1&#8243; _module_preset=\u00bbdefault\u00bb global_colors_info=\u00bb{}\u00bb][et_pb_row _builder_version=\u00bb4.16&#8243; _module_preset=\u00bbdefault\u00bb global_colors_info=\u00bb{}\u00bb][et_pb_column type=\u00bb4_4&#8243; _builder_version=\u00bb4.16&#8243; _module_preset=\u00bbdefault\u00bb global_colors_info=\u00bb{}\u00bb][et_pb_text _builder_version=\u00bb4.24.0&#8243; _module_preset=\u00bbdefault\u00bb text_orientation=\u00bbcenter\u00bb global_colors_info=\u00bb{}\u00bb]<\/p>\n<div class=\"et_pb_button_module_wrapper  et_pb_module \"><a class=\"et_pb_button et_pb_bg_layout_light button_borde_naranja hover-white-span\" href=\"\/participaccion\/modelo\/\" titile=\"Ir al Modelo\">Ir al <span class=\"naranja uppercase\">MODELO<\/span><\/a><\/div>\n<p>[\/et_pb_text][\/et_pb_column][\/et_pb_row][\/et_pb_section]<\/p>\n","protected":false},"excerpt":{"rendered":"<p>ParticipACCI\u00d3NDesde la Plataforma de Organizaciones de Pacientes (POP) creemos que la colaboraci\u00f3n entre entidades de pacientes y organizaciones sanitarias es esencial en la planificaci\u00f3n y gesti\u00f3n de salud, con el fin de garantizar la seguridad y protecci\u00f3n de las personas con enfermedades cr\u00f3nicas.A trav\u00e9s de ParticipACCI\u00d3N buscamos crear una red de fomento de la participaci\u00f3n [&hellip;]<\/p>\n","protected":false},"author":1,"featured_media":0,"parent":0,"menu_order":1,"comment_status":"closed","ping_status":"closed","template":"","meta":{"_acf_changed":false,"_et_pb_use_builder":"on","_et_pb_old_content":"","_et_gb_content_width":"","footnotes":""},"class_list":["post-330","page","type-page","status-publish","hentry"],"acf":[],"yoast_head":"<!-- This site is optimized with the Yoast SEO plugin v22.0 - https:\/\/yoast.com\/wordpress\/plugins\/seo\/ -->\n<title>ParticipACCI\u00d3N - ParticipACCI\u00d3N<\/title>\n<meta name=\"robots\" content=\"index, follow, max-snippet:-1, max-image-preview:large, max-video-preview:-1\" \/>\n<link rel=\"canonical\" href=\"https:\/\/www.plataformadepacientes.org\/participaccion\/participaccion\/\" \/>\n<meta property=\"og:locale\" content=\"es_ES\" \/>\n<meta property=\"og:type\" content=\"article\" \/>\n<meta property=\"og:title\" content=\"ParticipACCI\u00d3N - ParticipACCI\u00d3N\" \/>\n<meta property=\"og:description\" content=\"ParticipACCI\u00d3NDesde la Plataforma de Organizaciones de Pacientes (POP) creemos que la colaboraci\u00f3n entre entidades de pacientes y organizaciones sanitarias es esencial en la planificaci\u00f3n y gesti\u00f3n de salud, con el fin de garantizar la seguridad y protecci\u00f3n de las personas con enfermedades cr\u00f3nicas.A trav\u00e9s de ParticipACCI\u00d3N buscamos crear una red de fomento de la participaci\u00f3n [&hellip;]\" \/>\n<meta property=\"og:url\" content=\"https:\/\/www.plataformadepacientes.org\/participaccion\/participaccion\/\" \/>\n<meta property=\"og:site_name\" content=\"ParticipACCI\u00d3N\" \/>\n<meta property=\"article:modified_time\" content=\"2026-04-24T13:19:49+00:00\" \/>\n<meta name=\"twitter:card\" content=\"summary_large_image\" \/>\n<script type=\"application\/ld+json\" class=\"yoast-schema-graph\">{\"@context\":\"https:\/\/schema.org\",\"@graph\":[{\"@type\":\"WebPage\",\"@id\":\"https:\/\/www.plataformadepacientes.org\/participaccion\/participaccion\/\",\"url\":\"https:\/\/www.plataformadepacientes.org\/participaccion\/participaccion\/\",\"name\":\"ParticipACCI\u00d3N - ParticipACCI\u00d3N\",\"isPartOf\":{\"@id\":\"https:\/\/www.plataformadepacientes.org\/participaccion\/#website\"},\"datePublished\":\"2022-01-10T16:41:19+00:00\",\"dateModified\":\"2026-04-24T13:19:49+00:00\",\"breadcrumb\":{\"@id\":\"https:\/\/www.plataformadepacientes.org\/participaccion\/participaccion\/#breadcrumb\"},\"inLanguage\":\"es\",\"potentialAction\":[{\"@type\":\"ReadAction\",\"target\":[\"https:\/\/www.plataformadepacientes.org\/participaccion\/participaccion\/\"]}]},{\"@type\":\"BreadcrumbList\",\"@id\":\"https:\/\/www.plataformadepacientes.org\/participaccion\/participaccion\/#breadcrumb\",\"itemListElement\":[{\"@type\":\"ListItem\",\"position\":1,\"name\":\"Portada\",\"item\":\"https:\/\/www.plataformadepacientes.org\/participaccion\/\"},{\"@type\":\"ListItem\",\"position\":2,\"name\":\"ParticipACCI\u00d3N\"}]},{\"@type\":\"WebSite\",\"@id\":\"https:\/\/www.plataformadepacientes.org\/participaccion\/#website\",\"url\":\"https:\/\/www.plataformadepacientes.org\/participaccion\/\",\"name\":\"ParticipACCI\u00d3N\",\"description\":\"Modelo de excelencia\",\"potentialAction\":[{\"@type\":\"SearchAction\",\"target\":{\"@type\":\"EntryPoint\",\"urlTemplate\":\"https:\/\/www.plataformadepacientes.org\/participaccion\/?s={search_term_string}\"},\"query-input\":\"required name=search_term_string\"}],\"inLanguage\":\"es\"}]}<\/script>\n<!-- \/ Yoast SEO plugin. -->","yoast_head_json":{"title":"ParticipACCI\u00d3N - ParticipACCI\u00d3N","robots":{"index":"index","follow":"follow","max-snippet":"max-snippet:-1","max-image-preview":"max-image-preview:large","max-video-preview":"max-video-preview:-1"},"canonical":"https:\/\/www.plataformadepacientes.org\/participaccion\/participaccion\/","og_locale":"es_ES","og_type":"article","og_title":"ParticipACCI\u00d3N - ParticipACCI\u00d3N","og_description":"ParticipACCI\u00d3NDesde la Plataforma de Organizaciones de Pacientes (POP) creemos que la colaboraci\u00f3n entre entidades de pacientes y organizaciones sanitarias es esencial en la planificaci\u00f3n y gesti\u00f3n de salud, con el fin de garantizar la seguridad y protecci\u00f3n de las personas con enfermedades cr\u00f3nicas.A trav\u00e9s de ParticipACCI\u00d3N buscamos crear una red de fomento de la participaci\u00f3n [&hellip;]","og_url":"https:\/\/www.plataformadepacientes.org\/participaccion\/participaccion\/","og_site_name":"ParticipACCI\u00d3N","article_modified_time":"2026-04-24T13:19:49+00:00","twitter_card":"summary_large_image","schema":{"@context":"https:\/\/schema.org","@graph":[{"@type":"WebPage","@id":"https:\/\/www.plataformadepacientes.org\/participaccion\/participaccion\/","url":"https:\/\/www.plataformadepacientes.org\/participaccion\/participaccion\/","name":"ParticipACCI\u00d3N - ParticipACCI\u00d3N","isPartOf":{"@id":"https:\/\/www.plataformadepacientes.org\/participaccion\/#website"},"datePublished":"2022-01-10T16:41:19+00:00","dateModified":"2026-04-24T13:19:49+00:00","breadcrumb":{"@id":"https:\/\/www.plataformadepacientes.org\/participaccion\/participaccion\/#breadcrumb"},"inLanguage":"es","potentialAction":[{"@type":"ReadAction","target":["https:\/\/www.plataformadepacientes.org\/participaccion\/participaccion\/"]}]},{"@type":"BreadcrumbList","@id":"https:\/\/www.plataformadepacientes.org\/participaccion\/participaccion\/#breadcrumb","itemListElement":[{"@type":"ListItem","position":1,"name":"Portada","item":"https:\/\/www.plataformadepacientes.org\/participaccion\/"},{"@type":"ListItem","position":2,"name":"ParticipACCI\u00d3N"}]},{"@type":"WebSite","@id":"https:\/\/www.plataformadepacientes.org\/participaccion\/#website","url":"https:\/\/www.plataformadepacientes.org\/participaccion\/","name":"ParticipACCI\u00d3N","description":"Modelo de excelencia","potentialAction":[{"@type":"SearchAction","target":{"@type":"EntryPoint","urlTemplate":"https:\/\/www.plataformadepacientes.org\/participaccion\/?s={search_term_string}"},"query-input":"required name=search_term_string"}],"inLanguage":"es"}]}},"_links":{"self":[{"href":"https:\/\/www.plataformadepacientes.org\/participaccion\/wp-json\/wp\/v2\/pages\/330","targetHints":{"allow":["GET"]}}],"collection":[{"href":"https:\/\/www.plataformadepacientes.org\/participaccion\/wp-json\/wp\/v2\/pages"}],"about":[{"href":"https:\/\/www.plataformadepacientes.org\/participaccion\/wp-json\/wp\/v2\/types\/page"}],"author":[{"embeddable":true,"href":"https:\/\/www.plataformadepacientes.org\/participaccion\/wp-json\/wp\/v2\/users\/1"}],"replies":[{"embeddable":true,"href":"https:\/\/www.plataformadepacientes.org\/participaccion\/wp-json\/wp\/v2\/comments?post=330"}],"version-history":[{"count":36,"href":"https:\/\/www.plataformadepacientes.org\/participaccion\/wp-json\/wp\/v2\/pages\/330\/revisions"}],"predecessor-version":[{"id":1593,"href":"https:\/\/www.plataformadepacientes.org\/participaccion\/wp-json\/wp\/v2\/pages\/330\/revisions\/1593"}],"wp:attachment":[{"href":"https:\/\/www.plataformadepacientes.org\/participaccion\/wp-json\/wp\/v2\/media?parent=330"}],"curies":[{"name":"wp","href":"https:\/\/api.w.org\/{rel}","templated":true}]}}